{"id":19120,"date":"2026-03-10T09:01:08","date_gmt":"2026-03-10T08:01:08","guid":{"rendered":"https:\/\/www.maderasmenur.com\/passerelle-articolate\/"},"modified":"2026-03-12T20:29:25","modified_gmt":"2026-03-12T19:29:25","slug":"passerelle-articolate-2","status":"publish","type":"page","link":"https:\/\/www.maderasmenur.com\/it\/passerelle-articolate-2\/","title":{"rendered":"Passerelle Articolate"},"content":{"rendered":"<div id='av-layout-grid-1'  class='av-layout-grid-container av-jtq1gq78-3288a894c30d24bad094e158633ff0da entry-content-wrapper main_color av-fixed-cells  avia-builder-el-0  el_before_av_section  avia-builder-el-first   container_wrap sidebar_right'  >\n\n<style type=\"text\/css\" data-created_by=\"avia_inline_auto\" id=\"style-css-av-jtq1h9kq-35393aac9eb8de4973592be2454d64a4\">\n.flex_cell.av-jtq1h9kq-35393aac9eb8de4973592be2454d64a4{\nvertical-align:top;\nheight:20px;\nmin-height:20px;\nbackground-color:#0059a3;\n}\n.responsive #top #wrap_all .flex_cell.av-jtq1h9kq-35393aac9eb8de4973592be2454d64a4{\npadding:0px 0px 0px 0px !important;\n}\n<\/style>\n<div class='flex_cell av-jtq1h9kq-35393aac9eb8de4973592be2454d64a4 av-gridrow-cell av_one_fifth no_margin  avia-builder-el-1  el_before_av_cell_three_fifth  avia-builder-el-first  av-zero-padding'  ><div class='flex_cell_inner'><\/div><\/div>\n<style type=\"text\/css\" data-created_by=\"avia_inline_auto\" id=\"style-css-av-jtq1hu63-1171983912132d948c85eb7d1ee9fbf7\">\n.flex_cell.av-jtq1hu63-1171983912132d948c85eb7d1ee9fbf7{\nvertical-align:top;\nheight:20px;\nmin-height:20px;\nbackground-color:#0169b2;\n}\n.responsive #top #wrap_all .flex_cell.av-jtq1hu63-1171983912132d948c85eb7d1ee9fbf7{\npadding:0px 0px 0px 0px !important;\n}\n<\/style>\n<div class='flex_cell av-jtq1hu63-1171983912132d948c85eb7d1ee9fbf7 av-gridrow-cell av_three_fifth no_margin  avia-builder-el-2  el_after_av_cell_one_fifth  el_before_av_cell_one_fifth  av-zero-padding'  ><div class='flex_cell_inner'>\n<style type=\"text\/css\" data-created_by=\"avia_inline_auto\" id=\"style-css-av-k3gxwovb-75d2d1c2b991a56913b02e96aeb88c0a\">\n#top .av-special-heading.av-k3gxwovb-75d2d1c2b991a56913b02e96aeb88c0a{\nmargin:15px 0 15px 0;\npadding-bottom:10px;\ncolor:#ffffff;\n}\nbody .av-special-heading.av-k3gxwovb-75d2d1c2b991a56913b02e96aeb88c0a .av-special-heading-tag .heading-char{\nfont-size:25px;\n}\n.av-special-heading.av-k3gxwovb-75d2d1c2b991a56913b02e96aeb88c0a .special-heading-inner-border{\nborder-color:#ffffff;\n}\n.av-special-heading.av-k3gxwovb-75d2d1c2b991a56913b02e96aeb88c0a .av-subheading{\nfont-size:15px;\n}\n<\/style>\n<div  class='av-special-heading av-k3gxwovb-75d2d1c2b991a56913b02e96aeb88c0a av-special-heading-h1 custom-color-heading blockquote modern-quote modern-centered  avia-builder-el-3  avia-builder-el-no-sibling '><h1 class='av-special-heading-tag '  itemprop=\"headline\"  >PASARELAS ARTICULADAS<\/h1><div class=\"special-heading-border\"><div class=\"special-heading-inner-border\"><\/div><\/div><\/div>\n<\/div><\/div>\n<style type=\"text\/css\" data-created_by=\"avia_inline_auto\" id=\"style-css-av-jtq1icbd-bd148ff8ed7d5821c1fb0b082fde52bd\">\n.flex_cell.av-jtq1icbd-bd148ff8ed7d5821c1fb0b082fde52bd{\nvertical-align:top;\nheight:20px;\nmin-height:20px;\nbackground-color:#2778b2;\n}\n.responsive #top #wrap_all .flex_cell.av-jtq1icbd-bd148ff8ed7d5821c1fb0b082fde52bd{\npadding:0px 0px 0px 0px !important;\n}\n<\/style>\n<div class='flex_cell av-jtq1icbd-bd148ff8ed7d5821c1fb0b082fde52bd av-gridrow-cell av_one_fifth no_margin  avia-builder-el-4  el_after_av_cell_three_fifth  avia-builder-el-last  av-zero-padding'  ><div class='flex_cell_inner'><\/div><\/div><\/div><div id='av_section_1'  class='avia-section av-309kd30-94b0866777df85918c26cd0a088a0158 main_color avia-section-default avia-no-border-styling  avia-builder-el-5  el_after_av_layout_row  el_before_av_hr  avia-bg-style-scroll container_wrap sidebar_right'  ><div class='container av-section-cont-open' ><div class='template-page content  av-content-small alpha units'><div class='post-entry post-entry-type-page post-entry-19120'><div class='entry-content-wrapper clearfix'>\n\n<style type=\"text\/css\" data-created_by=\"avia_inline_auto\" id=\"style-css-av-2gq4puk-bbcfc723b6a1d9b4f5d592aa6f49e077\">\n.flex_column.av-2gq4puk-bbcfc723b6a1d9b4f5d592aa6f49e077{\nborder-radius:0px 0px 0px 0px;\npadding:0px 0px 0px 0px;\n}\n<\/style>\n<div  class='flex_column av-2gq4puk-bbcfc723b6a1d9b4f5d592aa6f49e077 av_two_third  avia-builder-el-6  el_before_av_one_third  avia-builder-el-first  first flex_column_div av-zero-column-padding  '     ><style type=\"text\/css\" data-created_by=\"avia_inline_auto\" id=\"style-css-av-k36zhccu-12f2f65e5a9ba200e46649510af539ef\">\n#top .avia-gallery.av-k36zhccu-12f2f65e5a9ba200e46649510af539ef .avia-gallery-thumb a{\nwidth:12.5%;\n}\n<\/style>\n<div  class='avia-gallery av-k36zhccu-12f2f65e5a9ba200e46649510af539ef avia_animate_when_visible  avia-builder-el-7  avia-builder-el-no-sibling  animations_off av-slideshow-ui av-loop-manual-endless av-control-hidden av-navigate-arrows av-navigate-dots hover-effect av-control-hidden avia-gallery-1'  itemprop=\"image\" itemscope=\"itemscope\" itemtype=\"https:\/\/schema.org\/ImageObject\" ><meta itemprop=\"contentURL\" content=\"https:\/\/www.maderasmenur.com\/it\/passerelle-articolate-2\/\"><a class='avia-gallery-big fakeLightbox lightbox avia-gallery-big-no-crop-thumb ' href=\"https:\/\/www.maderasmenur.com\/wp-content\/uploads\/PASARELA-REFORZADA.jpg\" data-srcset=\"https:\/\/www.maderasmenur.com\/wp-content\/uploads\/PASARELA-REFORZADA.jpg 600w, https:\/\/www.maderasmenur.com\/wp-content\/uploads\/PASARELA-REFORZADA-300x194.jpg 300w, https:\/\/www.maderasmenur.com\/wp-content\/uploads\/PASARELA-REFORZADA-450x290.jpg 450w\" data-sizes=\"(max-width: 600px) 100vw, 600px\"  data-onclick='1' title='Pasarelas articuladas' ><span class='avia-gallery-big-inner'  itemprop=\"thumbnailUrl\" ><img decoding=\"async\" fetchpriority=\"high\" class=\"wp-image-12250 avia-img-lazy-loading-not-12250\"  width=\"600\" height=\"387\" src=\"https:\/\/www.maderasmenur.com\/wp-content\/uploads\/PASARELA-REFORZADA.jpg\" title='Pasarelas articuladas' alt='Pasarelas articuladas' srcset=\"https:\/\/www.maderasmenur.com\/wp-content\/uploads\/PASARELA-REFORZADA.jpg 600w, https:\/\/www.maderasmenur.com\/wp-content\/uploads\/PASARELA-REFORZADA-300x194.jpg 300w, https:\/\/www.maderasmenur.com\/wp-content\/uploads\/PASARELA-REFORZADA-450x290.jpg 450w\" sizes=\"(max-width: 600px) 100vw, 600px\" \/><span class='avia-gallery-caption'>Pasarelas articuladas<\/span><\/span><\/a><div class='avia-gallery-thumb'><a href=\"https:\/\/www.maderasmenur.com\/wp-content\/uploads\/PASARELA-REFORZADA.jpg\" data-srcset=\"https:\/\/www.maderasmenur.com\/wp-content\/uploads\/PASARELA-REFORZADA.jpg 600w, https:\/\/www.maderasmenur.com\/wp-content\/uploads\/PASARELA-REFORZADA-300x194.jpg 300w, https:\/\/www.maderasmenur.com\/wp-content\/uploads\/PASARELA-REFORZADA-450x290.jpg 450w\" data-sizes=\"(max-width: 600px) 100vw, 600px\" data-rel='gallery-1' data-prev-img='https:\/\/www.maderasmenur.com\/wp-content\/uploads\/PASARELA-REFORZADA.jpg' class='first_thumb lightbox ' data-onclick='1' title='Pasarelas articuladas'  itemprop=\"thumbnailUrl\"  ><img decoding=\"async\" fetchpriority=\"high\" class=\"wp-image-12250 avia-img-lazy-loading-not-12250\"  data-avia-tooltip='Pasarelas articuladas' src=\"https:\/\/www.maderasmenur.com\/wp-content\/uploads\/PASARELA-REFORZADA-120x120.jpg\" width=\"120\" height=\"120\"  title='Pasarelas articuladas' alt='Pasarelas articuladas' srcset=\"https:\/\/www.maderasmenur.com\/wp-content\/uploads\/PASARELA-REFORZADA-120x120.jpg 120w, https:\/\/www.maderasmenur.com\/wp-content\/uploads\/PASARELA-REFORZADA-80x80.jpg 80w, https:\/\/www.maderasmenur.com\/wp-content\/uploads\/PASARELA-REFORZADA-36x36.jpg 36w, https:\/\/www.maderasmenur.com\/wp-content\/uploads\/PASARELA-REFORZADA-180x180.jpg 180w\" sizes=\"(max-width: 120px) 100vw, 120px\" \/><div class='big-prev-fake'><img decoding=\"async\" loading=\"lazy\" class=\"wp-image-12250 avia-img-lazy-loading-12250\"  width=\"600\" height=\"387\" src=\"https:\/\/www.maderasmenur.com\/wp-content\/uploads\/PASARELA-REFORZADA.jpg\" title='Pasarelas articuladas' alt='Pasarelas articuladas' srcset=\"https:\/\/www.maderasmenur.com\/wp-content\/uploads\/PASARELA-REFORZADA.jpg 600w, https:\/\/www.maderasmenur.com\/wp-content\/uploads\/PASARELA-REFORZADA-300x194.jpg 300w, https:\/\/www.maderasmenur.com\/wp-content\/uploads\/PASARELA-REFORZADA-450x290.jpg 450w\" sizes=\"auto, (max-width: 600px) 100vw, 600px\" \/><\/div><\/a><a href=\"https:\/\/www.maderasmenur.com\/wp-content\/uploads\/PASARELA-ARTICULADA-ESTANDAR-A.jpg\" data-srcset=\"https:\/\/www.maderasmenur.com\/wp-content\/uploads\/PASARELA-ARTICULADA-ESTANDAR-A.jpg 600w, https:\/\/www.maderasmenur.com\/wp-content\/uploads\/PASARELA-ARTICULADA-ESTANDAR-A-300x194.jpg 300w, https:\/\/www.maderasmenur.com\/wp-content\/uploads\/PASARELA-ARTICULADA-ESTANDAR-A-450x290.jpg 450w\" data-sizes=\"(max-width: 600px) 100vw, 600px\" data-rel='gallery-1' data-prev-img='https:\/\/www.maderasmenur.com\/wp-content\/uploads\/PASARELA-ARTICULADA-ESTANDAR-A.jpg' class='lightbox ' data-onclick='2' title='Pasarela articulada de madera para playa'  itemprop=\"thumbnailUrl\"  ><img decoding=\"async\" fetchpriority=\"high\" class=\"wp-image-12268 avia-img-lazy-loading-not-12268\"  data-avia-tooltip='Pasarela articulada de madera para playa' src=\"https:\/\/www.maderasmenur.com\/wp-content\/uploads\/PASARELA-ARTICULADA-ESTANDAR-A-120x120.jpg\" width=\"120\" height=\"120\"  title='Pasarelas' alt='Pasarela articulada de madera para playa' srcset=\"https:\/\/www.maderasmenur.com\/wp-content\/uploads\/PASARELA-ARTICULADA-ESTANDAR-A-120x120.jpg 120w, https:\/\/www.maderasmenur.com\/wp-content\/uploads\/PASARELA-ARTICULADA-ESTANDAR-A-80x80.jpg 80w, https:\/\/www.maderasmenur.com\/wp-content\/uploads\/PASARELA-ARTICULADA-ESTANDAR-A-36x36.jpg 36w, https:\/\/www.maderasmenur.com\/wp-content\/uploads\/PASARELA-ARTICULADA-ESTANDAR-A-180x180.jpg 180w\" sizes=\"(max-width: 120px) 100vw, 120px\" \/><div class='big-prev-fake'><img decoding=\"async\" loading=\"lazy\" class=\"wp-image-12268 avia-img-lazy-loading-12268\"  width=\"600\" height=\"387\" src=\"https:\/\/www.maderasmenur.com\/wp-content\/uploads\/PASARELA-ARTICULADA-ESTANDAR-A.jpg\" title='Pasarelas' alt='Pasarela articulada de madera para playa' srcset=\"https:\/\/www.maderasmenur.com\/wp-content\/uploads\/PASARELA-ARTICULADA-ESTANDAR-A.jpg 600w, https:\/\/www.maderasmenur.com\/wp-content\/uploads\/PASARELA-ARTICULADA-ESTANDAR-A-300x194.jpg 300w, https:\/\/www.maderasmenur.com\/wp-content\/uploads\/PASARELA-ARTICULADA-ESTANDAR-A-450x290.jpg 450w\" sizes=\"auto, (max-width: 600px) 100vw, 600px\" \/><\/div><\/a><a href=\"https:\/\/www.maderasmenur.com\/wp-content\/uploads\/PASARELA-ARTICULADA-ESTANDAR-AD.jpg\" data-srcset=\"https:\/\/www.maderasmenur.com\/wp-content\/uploads\/PASARELA-ARTICULADA-ESTANDAR-AD.jpg 600w, https:\/\/www.maderasmenur.com\/wp-content\/uploads\/PASARELA-ARTICULADA-ESTANDAR-AD-300x194.jpg 300w, https:\/\/www.maderasmenur.com\/wp-content\/uploads\/PASARELA-ARTICULADA-ESTANDAR-AD-450x290.jpg 450w\" data-sizes=\"(max-width: 600px) 100vw, 600px\" data-rel='gallery-1' data-prev-img='https:\/\/www.maderasmenur.com\/wp-content\/uploads\/PASARELA-ARTICULADA-ESTANDAR-AD.jpg' class='lightbox ' data-onclick='3' title='Pasarela articulada de madera con linea gu\u00eda en rojo'  itemprop=\"thumbnailUrl\"  ><img decoding=\"async\" fetchpriority=\"high\" class=\"wp-image-12259 avia-img-lazy-loading-not-12259\"  data-avia-tooltip='Pasarela articulada de madera con linea gu\u00eda en rojo' src=\"https:\/\/www.maderasmenur.com\/wp-content\/uploads\/PASARELA-ARTICULADA-ESTANDAR-AD-120x120.jpg\" width=\"120\" height=\"120\"  title='Pasarela articulada de madera con linea gu\u00eda en rojo' alt='Pasarela articulada de madera con linea gu\u00eda en rojo' srcset=\"https:\/\/www.maderasmenur.com\/wp-content\/uploads\/PASARELA-ARTICULADA-ESTANDAR-AD-120x120.jpg 120w, https:\/\/www.maderasmenur.com\/wp-content\/uploads\/PASARELA-ARTICULADA-ESTANDAR-AD-80x80.jpg 80w, https:\/\/www.maderasmenur.com\/wp-content\/uploads\/PASARELA-ARTICULADA-ESTANDAR-AD-36x36.jpg 36w, https:\/\/www.maderasmenur.com\/wp-content\/uploads\/PASARELA-ARTICULADA-ESTANDAR-AD-180x180.jpg 180w\" sizes=\"(max-width: 120px) 100vw, 120px\" \/><div class='big-prev-fake'><img decoding=\"async\" loading=\"lazy\" class=\"wp-image-12259 avia-img-lazy-loading-12259\"  width=\"600\" height=\"387\" src=\"https:\/\/www.maderasmenur.com\/wp-content\/uploads\/PASARELA-ARTICULADA-ESTANDAR-AD.jpg\" title='Pasarela articulada de madera con linea gu\u00eda en rojo' alt='Pasarela articulada de madera con linea gu\u00eda en rojo' srcset=\"https:\/\/www.maderasmenur.com\/wp-content\/uploads\/PASARELA-ARTICULADA-ESTANDAR-AD.jpg 600w, https:\/\/www.maderasmenur.com\/wp-content\/uploads\/PASARELA-ARTICULADA-ESTANDAR-AD-300x194.jpg 300w, https:\/\/www.maderasmenur.com\/wp-content\/uploads\/PASARELA-ARTICULADA-ESTANDAR-AD-450x290.jpg 450w\" sizes=\"auto, (max-width: 600px) 100vw, 600px\" \/><\/div><\/a><a href=\"https:\/\/www.maderasmenur.com\/wp-content\/uploads\/PASARELA-ARTICULADA-ESTANDAR-DD.jpg\" data-srcset=\"https:\/\/www.maderasmenur.com\/wp-content\/uploads\/PASARELA-ARTICULADA-ESTANDAR-DD.jpg 600w, https:\/\/www.maderasmenur.com\/wp-content\/uploads\/PASARELA-ARTICULADA-ESTANDAR-DD-300x194.jpg 300w, https:\/\/www.maderasmenur.com\/wp-content\/uploads\/PASARELA-ARTICULADA-ESTANDAR-DD-450x290.jpg 450w\" data-sizes=\"(max-width: 600px) 100vw, 600px\" data-rel='gallery-1' data-prev-img='https:\/\/www.maderasmenur.com\/wp-content\/uploads\/PASARELA-ARTICULADA-ESTANDAR-DD.jpg' class='lightbox ' data-onclick='4' title='Infograf\u00eda de pasarela articulada de madera con linea gu\u00eda en rojo'  itemprop=\"thumbnailUrl\"  ><img decoding=\"async\" fetchpriority=\"high\" class=\"wp-image-12256 avia-img-lazy-loading-not-12256\"  data-avia-tooltip='Infograf\u00eda de pasarela articulada de madera con linea gu\u00eda en rojo' src=\"https:\/\/www.maderasmenur.com\/wp-content\/uploads\/PASARELA-ARTICULADA-ESTANDAR-DD-120x120.jpg\" width=\"120\" height=\"120\"  title='Infograf\u00eda de pasarela articulada de madera con linea gu\u00eda en rojo' alt='Infograf\u00eda de pasarela articulada de madera con linea gu\u00eda en rojo' srcset=\"https:\/\/www.maderasmenur.com\/wp-content\/uploads\/PASARELA-ARTICULADA-ESTANDAR-DD-120x120.jpg 120w, https:\/\/www.maderasmenur.com\/wp-content\/uploads\/PASARELA-ARTICULADA-ESTANDAR-DD-80x80.jpg 80w, https:\/\/www.maderasmenur.com\/wp-content\/uploads\/PASARELA-ARTICULADA-ESTANDAR-DD-36x36.jpg 36w, https:\/\/www.maderasmenur.com\/wp-content\/uploads\/PASARELA-ARTICULADA-ESTANDAR-DD-180x180.jpg 180w\" sizes=\"(max-width: 120px) 100vw, 120px\" \/><div class='big-prev-fake'><img decoding=\"async\" loading=\"lazy\" class=\"wp-image-12256 avia-img-lazy-loading-12256\"  width=\"600\" height=\"387\" src=\"https:\/\/www.maderasmenur.com\/wp-content\/uploads\/PASARELA-ARTICULADA-ESTANDAR-DD.jpg\" title='Infograf\u00eda de pasarela articulada de madera con linea gu\u00eda en rojo' alt='Infograf\u00eda de pasarela articulada de madera con linea gu\u00eda en rojo' srcset=\"https:\/\/www.maderasmenur.com\/wp-content\/uploads\/PASARELA-ARTICULADA-ESTANDAR-DD.jpg 600w, https:\/\/www.maderasmenur.com\/wp-content\/uploads\/PASARELA-ARTICULADA-ESTANDAR-DD-300x194.jpg 300w, https:\/\/www.maderasmenur.com\/wp-content\/uploads\/PASARELA-ARTICULADA-ESTANDAR-DD-450x290.jpg 450w\" sizes=\"auto, (max-width: 600px) 100vw, 600px\" \/><\/div><\/a><a href=\"https:\/\/www.maderasmenur.com\/wp-content\/uploads\/PASARELA-ARTICULADA-ESTANDAR-V.jpg\" data-srcset=\"https:\/\/www.maderasmenur.com\/wp-content\/uploads\/PASARELA-ARTICULADA-ESTANDAR-V.jpg 600w, https:\/\/www.maderasmenur.com\/wp-content\/uploads\/PASARELA-ARTICULADA-ESTANDAR-V-300x194.jpg 300w, https:\/\/www.maderasmenur.com\/wp-content\/uploads\/PASARELA-ARTICULADA-ESTANDAR-V-450x290.jpg 450w\" data-sizes=\"(max-width: 600px) 100vw, 600px\" data-rel='gallery-1' data-prev-img='https:\/\/www.maderasmenur.com\/wp-content\/uploads\/PASARELA-ARTICULADA-ESTANDAR-V.jpg' class='lightbox ' data-onclick='5' title='Infograf\u00eda de pasarela articulada de madera '  itemprop=\"thumbnailUrl\"  ><img decoding=\"async\" fetchpriority=\"high\" class=\"wp-image-12253 avia-img-lazy-loading-not-12253\"  data-avia-tooltip='Infograf\u00eda de pasarela articulada de madera ' src=\"https:\/\/www.maderasmenur.com\/wp-content\/uploads\/PASARELA-ARTICULADA-ESTANDAR-V-120x120.jpg\" width=\"120\" height=\"120\"  title='Infograf\u00eda de pasarela articulada de madera' alt='Infograf\u00eda de pasarela articulada de madera' srcset=\"https:\/\/www.maderasmenur.com\/wp-content\/uploads\/PASARELA-ARTICULADA-ESTANDAR-V-120x120.jpg 120w, https:\/\/www.maderasmenur.com\/wp-content\/uploads\/PASARELA-ARTICULADA-ESTANDAR-V-80x80.jpg 80w, https:\/\/www.maderasmenur.com\/wp-content\/uploads\/PASARELA-ARTICULADA-ESTANDAR-V-36x36.png 36w, https:\/\/www.maderasmenur.com\/wp-content\/uploads\/PASARELA-ARTICULADA-ESTANDAR-V-180x180.jpg 180w\" sizes=\"(max-width: 120px) 100vw, 120px\" \/><div class='big-prev-fake'><img decoding=\"async\" loading=\"lazy\" class=\"wp-image-12253 avia-img-lazy-loading-12253\"  width=\"600\" height=\"387\" src=\"https:\/\/www.maderasmenur.com\/wp-content\/uploads\/PASARELA-ARTICULADA-ESTANDAR-V.jpg\" title='Infograf\u00eda de pasarela articulada de madera' alt='Infograf\u00eda de pasarela articulada de madera' srcset=\"https:\/\/www.maderasmenur.com\/wp-content\/uploads\/PASARELA-ARTICULADA-ESTANDAR-V.jpg 600w, https:\/\/www.maderasmenur.com\/wp-content\/uploads\/PASARELA-ARTICULADA-ESTANDAR-V-300x194.jpg 300w, https:\/\/www.maderasmenur.com\/wp-content\/uploads\/PASARELA-ARTICULADA-ESTANDAR-V-450x290.jpg 450w\" sizes=\"auto, (max-width: 600px) 100vw, 600px\" \/><\/div><\/a><a href=\"https:\/\/www.maderasmenur.com\/wp-content\/uploads\/PASARELA-ARTICULADA-ESTANDAR-AB.jpg\" data-srcset=\"https:\/\/www.maderasmenur.com\/wp-content\/uploads\/PASARELA-ARTICULADA-ESTANDAR-AB.jpg 600w, https:\/\/www.maderasmenur.com\/wp-content\/uploads\/PASARELA-ARTICULADA-ESTANDAR-AB-300x194.jpg 300w, https:\/\/www.maderasmenur.com\/wp-content\/uploads\/PASARELA-ARTICULADA-ESTANDAR-AB-450x290.jpg 450w\" data-sizes=\"(max-width: 600px) 100vw, 600px\" data-rel='gallery-1' data-prev-img='https:\/\/www.maderasmenur.com\/wp-content\/uploads\/PASARELA-ARTICULADA-ESTANDAR-AB.jpg' class='lightbox ' data-onclick='6' title='Pasarela articulada de madera con l\u00edneas gu\u00eda'  itemprop=\"thumbnailUrl\"  ><img decoding=\"async\" fetchpriority=\"high\" class=\"wp-image-12265 avia-img-lazy-loading-not-12265\"  data-avia-tooltip='Pasarela articulada de madera con l\u00edneas gu\u00eda' src=\"https:\/\/www.maderasmenur.com\/wp-content\/uploads\/PASARELA-ARTICULADA-ESTANDAR-AB-120x120.jpg\" width=\"120\" height=\"120\"  title='Pasarela articulada de madera con l\u00edneas gu\u00eda' alt='Pasarela articulada de madera con l\u00edneas gu\u00eda' srcset=\"https:\/\/www.maderasmenur.com\/wp-content\/uploads\/PASARELA-ARTICULADA-ESTANDAR-AB-120x120.jpg 120w, https:\/\/www.maderasmenur.com\/wp-content\/uploads\/PASARELA-ARTICULADA-ESTANDAR-AB-80x80.jpg 80w, https:\/\/www.maderasmenur.com\/wp-content\/uploads\/PASARELA-ARTICULADA-ESTANDAR-AB-36x36.jpg 36w, https:\/\/www.maderasmenur.com\/wp-content\/uploads\/PASARELA-ARTICULADA-ESTANDAR-AB-180x180.jpg 180w\" sizes=\"(max-width: 120px) 100vw, 120px\" \/><div class='big-prev-fake'><img decoding=\"async\" loading=\"lazy\" class=\"wp-image-12265 avia-img-lazy-loading-12265\"  width=\"600\" height=\"387\" src=\"https:\/\/www.maderasmenur.com\/wp-content\/uploads\/PASARELA-ARTICULADA-ESTANDAR-AB.jpg\" title='Pasarela articulada de madera con l\u00edneas gu\u00eda' alt='Pasarela articulada de madera con l\u00edneas gu\u00eda' srcset=\"https:\/\/www.maderasmenur.com\/wp-content\/uploads\/PASARELA-ARTICULADA-ESTANDAR-AB.jpg 600w, https:\/\/www.maderasmenur.com\/wp-content\/uploads\/PASARELA-ARTICULADA-ESTANDAR-AB-300x194.jpg 300w, https:\/\/www.maderasmenur.com\/wp-content\/uploads\/PASARELA-ARTICULADA-ESTANDAR-AB-450x290.jpg 450w\" sizes=\"auto, (max-width: 600px) 100vw, 600px\" \/><\/div><\/a><\/div><\/div><\/div>\n<style type=\"text\/css\" data-created_by=\"avia_inline_auto\" id=\"style-css-av-248x5x8-9c26d581b16c1bf2c113b2cdc949b49d\">\n.flex_column.av-248x5x8-9c26d581b16c1bf2c113b2cdc949b49d{\nborder-radius:0px 0px 0px 0px;\npadding:0px 0px 0px 0px;\n}\n<\/style>\n<div  class='flex_column av-248x5x8-9c26d581b16c1bf2c113b2cdc949b49d av_one_third  avia-builder-el-8  el_after_av_two_third  avia-builder-el-last  flex_column_div av-zero-column-padding  '     ><p>\n<style type=\"text\/css\" data-created_by=\"avia_inline_auto\" id=\"style-css-av-k36zytvm-b2c6a7c7e7077b02eec87a4d2add675f\">\n#top .av_textblock_section.av-k36zytvm-b2c6a7c7e7077b02eec87a4d2add675f .avia_textblock{\nfont-size:18px;\ncolor:#0a0a0a;\n}\n<\/style>\n<section  class='av_textblock_section av-k36zytvm-b2c6a7c7e7077b02eec87a4d2add675f '   itemscope=\"itemscope\" itemtype=\"https:\/\/schema.org\/CreativeWork\" ><div class='avia_textblock av_inherit_color'  itemprop=\"text\" ><p><strong>Descripci\u00f3n<\/strong><\/p>\n<\/div><\/section><br \/>\n\n<style type=\"text\/css\" data-created_by=\"avia_inline_auto\" id=\"style-css-av-k36zpwls-dc703f015307e1529b9afdda585ba013\">\n#top .av_textblock_section.av-k36zpwls-dc703f015307e1529b9afdda585ba013 .avia_textblock{\nfont-size:14px;\ncolor:#0a0a0a;\n}\n<\/style>\n<section  class='av_textblock_section av-k36zpwls-dc703f015307e1529b9afdda585ba013 '   itemscope=\"itemscope\" itemtype=\"https:\/\/schema.org\/CreativeWork\" ><div class='avia_textblock av_inherit_color'  itemprop=\"text\" ><p>El modello de pasarela articulada de legno, gracias a su sistema modular, permite cubrir grandes superficies y distancias de una forma r\u00e1pida y sencilla. Mediante\u00a0 duelas\u00a0 sobre\u00a0 rastreles, se consigue una\u00a0 superficie estable y nivelada, un\u00edendose cada uno de las pasarelas en sus extremos mediante torniller\u00eda\u00a0 evitando\u00a0 la\u00a0 separaci\u00f3n\u00a0 o\u00a0 desplazamiento\u00a0 de estos.<\/p>\n<\/div><\/section><br \/>\n<div  class='togglecontainer av-k36zndo4-888c6ddd4960315624e2608dac8c73dc  avia-builder-el-11  el_after_av_textblock  avia-builder-el-last  toggle_close_all' >\n<section class='av_toggle_section av-av_toggle-e3def5eaf9f16461db0be7c58e151978'  itemscope=\"itemscope\" itemtype=\"https:\/\/schema.org\/CreativeWork\" ><div role=\"tablist\" class=\"single_toggle\" data-tags=\"{Tutto} \"  ><p id='toggle-toggle-id-1' data-fake-id='#toggle-id-1' class='toggler  av-title-above '  itemprop=\"headline\"  role='tab' tabindex='0' aria-controls='toggle-id-1' data-slide-speed=\"200\" data-title=\"Materiales\" data-title-open=\"\" data-aria_collapsed=\"Clicca per espandere: Materiales\" data-aria_expanded=\"Fare clic per chiudere: Materiales\">Materiales<span class=\"toggle_icon\"><span class=\"vert_icon\"><\/span><span class=\"hor_icon\"><\/span><\/span><\/p><div id='toggle-id-1' aria-labelledby='toggle-toggle-id-1' role='region' class='toggle_wrap  av-title-above'  ><div class='toggle_content invers-color '  itemprop=\"text\" ><p>Las pasarelas articuladas est\u00e1n fabricadas en legno de pino silvestre de primera calidad, tratadas en autoclave riesgo 4, lo que le permite soportar elementos agresivos para su menor deterioro, sirven as\u00ed para la nivelaci\u00f3n y formaci\u00f3n\u00a0 de\u00a0 sendas\u00a0 sobre\u00a0 elementos\u00a0 removibles\u00a0 con\u00a0 una\u00a0 perfecta\u00a0 cohesi\u00f3n.<\/p>\n<\/div><\/div><\/div><\/section>\n<section class='av_toggle_section av-av_toggle-0d0e6b9ce9fb2b658d20c5981cb0da88'  itemscope=\"itemscope\" itemtype=\"https:\/\/schema.org\/CreativeWork\" ><div role=\"tablist\" class=\"single_toggle\" data-tags=\"{Tutto} \"  ><p id='toggle-toggle-id-2' data-fake-id='#toggle-id-2' class='toggler  av-title-above '  itemprop=\"headline\"  role='tab' tabindex='0' aria-controls='toggle-id-2' data-slide-speed=\"200\" data-title=\"Dimensiones\" data-title-open=\"\" data-aria_collapsed=\"Clicca per espandere: Dimensiones\" data-aria_expanded=\"Fare clic per chiudere: Dimensiones\">Dimensiones<span class=\"toggle_icon\"><span class=\"vert_icon\"><\/span><span class=\"hor_icon\"><\/span><\/span><\/p><div id='toggle-id-2' aria-labelledby='toggle-toggle-id-2' role='region' class='toggle_wrap  av-title-above'  ><div class='toggle_content invers-color '  itemprop=\"text\" ><p>Con anchos variables, es decir, comenzando desde 1200 Mm, 1500\u00a0 Mm,\u00a0 etc. Siempre\u00a0 contemplando\u00a0 entre\u00a0 los\u00a0 diferentes\u00a0 anchos,\u00a0 una diferencia\u00a0 entre\u00a0 ellas\u00a0 de\u00a0 300\u00a0 Mm.<\/p>\n<\/div><\/div><\/div><\/section>\n<section class='av_toggle_section av-av_toggle-241923bc5903281f1c9b1cf66dcee268'  itemscope=\"itemscope\" itemtype=\"https:\/\/schema.org\/CreativeWork\" ><div role=\"tablist\" class=\"single_toggle\" data-tags=\"{Tutto} \"  ><p id='toggle-toggle-id-3' data-fake-id='#toggle-id-3' class='toggler  av-title-above '  itemprop=\"headline\"  role='tab' tabindex='0' aria-controls='toggle-id-3' data-slide-speed=\"200\" data-title=\"Herrajes\" data-title-open=\"\" data-aria_collapsed=\"Clicca per espandere: Herrajes\" data-aria_expanded=\"Fare clic per chiudere: Herrajes\">Herrajes<span class=\"toggle_icon\"><span class=\"vert_icon\"><\/span><span class=\"hor_icon\"><\/span><\/span><\/p><div id='toggle-id-3' aria-labelledby='toggle-toggle-id-3' role='region' class='toggle_wrap  av-title-above'  ><div class='toggle_content invers-color '  itemprop=\"text\" ><p>Torniller\u00eda de Acero Inox AISI 316 que une los rastreles de cada lateral, proveyendo adem\u00e1s a toda la installazione\u00a0 de\u00a0 medidas\u00a0 antivand\u00e1licas,\u00a0 ya\u00a0 que\u00a0 no\u00a0 se\u00a0 puede\u00a0 de\u00a0 esta\u00a0 forma desmontar ninguna pasarela intermedia.<\/p>\n<\/div><\/div><\/div><\/section>\n<section class='av_toggle_section av-av_toggle-11ccfd5d6ca7f00da835c4d45ab08fff'  itemscope=\"itemscope\" itemtype=\"https:\/\/schema.org\/CreativeWork\" ><div role=\"tablist\" class=\"single_toggle\" data-tags=\"{Tutto} \"  ><p id='toggle-toggle-id-4' data-fake-id='#toggle-id-4' class='toggler  activeTitle av-title-above '  itemprop=\"headline\"  role='tab' tabindex='0' aria-controls='toggle-id-4' data-slide-speed=\"200\" data-title=\"Contacto\" data-title-open=\"\" data-aria_collapsed=\"Clicca per espandere: Contacto\" data-aria_expanded=\"Fare clic per chiudere: Contacto\">Contacto<span class=\"toggle_icon\"><span class=\"vert_icon\"><\/span><span class=\"hor_icon\"><\/span><\/span><\/p><div id='toggle-id-4' aria-labelledby='toggle-toggle-id-4' role='region' class='toggle_wrap  active_tc av-title-above' style='display:block;' ><div class='toggle_content invers-color '  itemprop=\"text\" ><p>Para cualquier consulta dir\u00edjete al siguiente <a href=\"\/?page_id=12514\">enlace<\/a> e indica &#8220;Pasarelas articuladas&#8221; en el asunto.<\/p>\n<\/div><\/div><\/div><\/section>\n<\/div><\/p><\/div><\/div><\/div><\/div><!-- close content main div --><\/div><\/div><div id='after_section_1'  class='main_color av_default_container_wrap container_wrap sidebar_right'  ><div class='container av-section-cont-open' ><div class='template-page content  av-content-small alpha units'><div class='post-entry post-entry-type-page post-entry-19120'><div class='entry-content-wrapper clearfix'><div  class='hr av-k379q0v1-53c9ecaa70e1dfed658628fc89abb186 hr-short  avia-builder-el-12  el_after_av_section  avia-builder-el-no-sibling  hr-center'><span class='hr-inner '><span class=\"hr-inner-style\"><\/span><\/span><\/div><\/p>\n","protected":false},"excerpt":{"rendered":"","protected":false},"author":0,"featured_media":0,"parent":0,"menu_order":0,"comment_status":"closed","ping_status":"closed","template":"","meta":{"footnotes":""},"class_list":["post-19120","page","type-page","status-publish","hentry"],"_links":{"self":[{"href":"https:\/\/www.maderasmenur.com\/it\/wp-json\/wp\/v2\/pages\/19120","targetHints":{"allow":["GET"]}}],"collection":[{"href":"https:\/\/www.maderasmenur.com\/it\/wp-json\/wp\/v2\/pages"}],"about":[{"href":"https:\/\/www.maderasmenur.com\/it\/wp-json\/wp\/v2\/types\/page"}],"replies":[{"embeddable":true,"href":"https:\/\/www.maderasmenur.com\/it\/wp-json\/wp\/v2\/comments?post=19120"}],"version-history":[{"count":2,"href":"https:\/\/www.maderasmenur.com\/it\/wp-json\/wp\/v2\/pages\/19120\/revisions"}],"predecessor-version":[{"id":19234,"href":"https:\/\/www.maderasmenur.com\/it\/wp-json\/wp\/v2\/pages\/19120\/revisions\/19234"}],"wp:attachment":[{"href":"https:\/\/www.maderasmenur.com\/it\/wp-json\/wp\/v2\/media?parent=19120"}],"curies":[{"name":"wp","href":"https:\/\/api.w.org\/{rel}","templated":true}]}}